{"id":59681,"date":"2018-05-03T23:37:39","date_gmt":"2018-05-04T03:37:39","guid":{"rendered":"https:\/\/dev-cglcc-multisite.pantheonsite.io\/fr\/home\/"},"modified":"2026-03-26T12:48:07","modified_gmt":"2026-03-26T16:48:07","slug":"queerchamber-ca","status":"publish","type":"page","link":"https:\/\/queerchamber.ca\/fr\/","title":{"rendered":"Home"},"content":{"rendered":"\n<div class=\"wp-block-group has-yellow-background-color has-background has-global-padding is-layout-constrained wp-block-group-is-layout-constrained\" style=\"margin-top:0;margin-bottom:0\">\n<div class=\"wp-block-media-text alignfull has-media-on-the-right is-stacked-on-mobile is-image-fill-element is-style-image-cut-left\" style=\"padding-top:0;padding-bottom:0;grid-template-columns:auto 45%\"><div class=\"wp-block-media-text__content\">\n<div style=\"height:60px\" aria-hidden=\"true\" class=\"wp-block-spacer\"><\/div>\n\n\n\n<h1 class=\"wp-block-heading has-xxx-large-font-size\">Bienvenue \u00e0 la<br>chambre de commerce<br>queer du canada (CCQC)<\/h1>\n\n\n\n<p class=\"is-style-default\">Joignez-vous \u00e0 nous pour diversifier les entreprises canadiennes, un lien \u00e0 la fois.<\/p>\n\n\n\n<h2 class=\"wp-block-heading has-medium-font-size\">Trouvez l\u2019adh\u00e9sion qui vous convient, que vous soyez :<\/h2>\n\n\n\n<div class=\"wp-block-buttons is-layout-flex wp-block-buttons-is-layout-flex\">\n<div class=\"wp-block-button is-style-fill\"><a class=\"wp-block-button__link has-primary-background-color has-background has-border-color has-primary-border-color wp-element-button\" href=\"https:\/\/queerchamber.ca\/fr\/membership\/#MembershipTypes\">Membre de la communaut\u00e9 2ELGBTQI+<\/a><\/div>\n\n\n\n<div class=\"wp-block-button is-style-fill\"><a class=\"wp-block-button__link has-primary-background-color has-background has-border-color has-primary-border-color wp-element-button\" href=\"https:\/\/queerchamber.ca\/fr\/membership\/#MembershipTypes\">Alli\u00e9.e de la communaut\u00e9<br><\/a><\/div>\n<\/div>\n\n\n\n<div style=\"height:85px\" aria-hidden=\"true\" class=\"wp-block-spacer\"><\/div>\n<\/div><figure class=\"wp-block-media-text__media\"><a href=\"https:\/\/queerchamber.ca\/wp-content\/uploads\/sites\/2\/2025\/10\/57-_DSC5770-scaled.jpg\"><img decoding=\"async\" src=\"https:\/\/queerchamber.ca\/wp-content\/uploads\/sites\/2\/2025\/10\/57-_DSC5770-2-scaled.jpg\" alt=\"\" class=\"wp-image-63771 size-full\" style=\"object-position:0% 53%\" \/><\/a><\/figure><\/div>\n<\/div>\n\n\n\n<div class=\"wp-block-group has-purple-background-color has-background has-global-padding is-layout-constrained wp-block-group-is-layout-constrained\" style=\"margin-top:0;margin-bottom:0\">\n<div class=\"wp-block-columns is-layout-flex wp-container-core-columns-is-layout-77a85fa5 wp-block-columns-is-layout-flex\" style=\"padding-top:var(--wp--preset--spacing--large);padding-bottom:0\">\n<div class=\"wp-block-column is-layout-flow wp-block-column-is-layout-flow\">\n<figure class=\"wp-block-image size-full is-style-line-overlay-white-right\"><img decoding=\"async\" src=\"https:\/\/queerchamber.ca\/wp-content\/uploads\/sites\/2\/2025\/10\/\u00a9HayfPhotography_2SLGBTQIChamberofBusinessSymposium_112.jpg\" alt=\"\" class=\"wp-image-63984\" \/><\/figure>\n<\/div>\n\n\n\n<div class=\"wp-block-column is-vertically-aligned-center is-layout-flow wp-block-column-is-layout-flow\" style=\"padding-top:var(--wp--preset--spacing--medium);padding-bottom:var(--wp--preset--spacing--medium)\">\n<h2 class=\"wp-block-heading\"><strong><strong>Unir et d\u00e9fendre les int\u00e9r\u00eats de plus de 100 000 entreprises d\u00e9tenues et exploit\u00e9es par des personnes 2ELGBTQI+ au Canada.<\/strong><\/strong><\/h2>\n\n\n\n<div class=\"wp-block-buttons is-layout-flex wp-block-buttons-is-layout-flex\">\n<div class=\"wp-block-button is-style-fill\"><a class=\"wp-block-button__link has-primary-background-color has-background has-border-color has-primary-border-color wp-element-button\" href=\"\/fr\/programs\">En savoir plus sur nos programmes<\/a><\/div>\n<\/div>\n<\/div>\n<\/div>\n<\/div>\n\n\n\n<div class=\"wp-block-group has-global-padding is-layout-constrained wp-container-core-group-is-layout-071fe3a8 wp-block-group-is-layout-constrained\">\n<div style=\"height:50px\" aria-hidden=\"true\" class=\"wp-block-spacer\"><\/div>\n\n\n\n<div style=\"height:50px\" aria-hidden=\"true\" class=\"wp-block-spacer\"><\/div>\n\n\n\n<div class=\"wp-block-columns columns-equal is-layout-flex wp-container-core-columns-is-layout-28f84493 wp-block-columns-is-layout-flex\">\n<div class=\"wp-block-column is-layout-flow wp-block-column-is-layout-flow\" style=\"flex-basis:75%\">\n<div data-wp-context=\"{}\" data-wp-interactive=\"core\/query\" data-wp-key=\"10\" data-wp-router-region=\"query-10\" class=\"wp-block-query alignwide is-layout-flow wp-block-query-is-layout-flow\"><ul class=\"columns-3 wp-block-post-template is-layout-grid wp-container-core-post-template-is-layout-6d3fbd8f wp-block-post-template-is-layout-grid\"><li data-wp-key=\"post-template-item-127189\" class=\"wp-block-post post-127189 post type-post status-publish format-standard has-post-thumbnail hentry category-news\">\n\n<div class=\"wp-block-group has-light-purple-background-color has-background has-global-padding is-layout-constrained wp-container-core-group-is-layout-19e250f3 wp-block-group-is-layout-constrained\" style=\"min-height:100%\"><figure style=\"height:180px; margin-top:0;margin-bottom:0;\" class=\"wp-block-post-featured-image\"><a href=\"https:\/\/queerchamber.ca\/fr\/news\/profil-membre-margaret-coons\/\" target=\"_self\"  style=\"height:180px\"><img loading=\"lazy\" decoding=\"async\" width=\"1440\" height=\"810\" src=\"https:\/\/queerchamber.ca\/fr\/wp-content\/uploads\/sites\/7\/2026\/04\/margaret_4x5-e1774899967233-1440x810.png\" class=\"attachment-post-thumbnail size-post-thumbnail wp-post-image\" alt=\"Devenir fou pour les produits non laitiers : d\u00e9velopper une activit\u00e9 fromag\u00e8re vegan avec le soutien du programme Diversit\u00e9 des Fournisseurs\u00a0\" style=\"height:180px;object-fit:cover;\" \/><\/a><\/figure>\n\n\n<div class=\"wp-block-group is-layout-flow wp-block-group-is-layout-flow\" style=\"padding-top:var(--wp--preset--spacing--small);padding-right:var(--wp--preset--spacing--small);padding-bottom:var(--wp--preset--spacing--small);padding-left:var(--wp--preset--spacing--small)\">\n<p class=\"is-style-default has-pp-right-grotesk-font-family\" style=\"font-style:normal;font-weight:800;text-transform:uppercase\">News<\/p>\n\n\n<h2 style=\"line-height:1.2;\" class=\"has-link-color wp-elements-e06f77aa6933325a5ba3efb3b602cf40 wp-block-post-title has-medium-font-size\"><a href=\"https:\/\/queerchamber.ca\/fr\/news\/profil-membre-margaret-coons\/\" target=\"_self\" >Devenir fou pour les produits non laitiers : d\u00e9velopper une activit\u00e9 fromag\u00e8re vegan avec le soutien du programme Diversit\u00e9 des Fournisseurs\u00a0<\/a><\/h2>\n\n<div class=\"wp-block-post-excerpt\"><p class=\"wp-block-post-excerpt__excerpt\">Comment cette passion pour cr\u00e9er et partager de d\u00e9licieux fromages v\u00e9g\u00e9taux est-elle devenue une activit\u00e9 \u00e0 l\u2019international ? D\u00e9couvrez comment l\u2019entrepreneure queer Margaret Coons, fondatrice et PDG de Nuts For&hellip;<\/p><p class=\"wp-block-post-excerpt__more-text\"><a class=\"wp-block-post-excerpt__more-link\" href=\"https:\/\/queerchamber.ca\/fr\/news\/profil-membre-margaret-coons\/\">Read Article<\/a><\/p><\/div><\/div>\n<\/div>\n\n<\/li><li data-wp-key=\"post-template-item-127185\" class=\"wp-block-post post-127185 post type-post status-publish format-standard has-post-thumbnail hentry category-news\">\n\n<div class=\"wp-block-group has-light-purple-background-color has-background has-global-padding is-layout-constrained wp-container-core-group-is-layout-19e250f3 wp-block-group-is-layout-constrained\" style=\"min-height:100%\"><figure style=\"height:180px; margin-top:0;margin-bottom:0;\" class=\"wp-block-post-featured-image\"><a href=\"https:\/\/queerchamber.ca\/fr\/news\/economie-denergie-a-cinq-niveaux-de-chaine-dapprovisionnement-diversifiee\/\" target=\"_self\"  style=\"height:180px\"><img loading=\"lazy\" decoding=\"async\" width=\"1440\" height=\"655\" src=\"https:\/\/queerchamber.ca\/fr\/wp-content\/uploads\/sites\/7\/2026\/03\/meta_9x16_01.jpg\" class=\"attachment-post-thumbnail size-post-thumbnail wp-post-image\" alt=\"Cinq fa\u00e7ons dont une cha\u00eene d\u2019approvisionnement diversifi\u00e9e peut alimenter une \u00e9conomie canadienne plus forte\u00a0\" style=\"height:180px;object-fit:cover;\" srcset=\"https:\/\/queerchamber.ca\/fr\/wp-content\/uploads\/sites\/7\/2026\/03\/meta_9x16_01.jpg 1440w, https:\/\/queerchamber.ca\/fr\/wp-content\/uploads\/sites\/7\/2026\/03\/meta_9x16_01-462x210.jpg 462w, https:\/\/queerchamber.ca\/fr\/wp-content\/uploads\/sites\/7\/2026\/03\/meta_9x16_01-960x437.jpg 960w, https:\/\/queerchamber.ca\/fr\/wp-content\/uploads\/sites\/7\/2026\/03\/meta_9x16_01-768x349.jpg 768w\" sizes=\"auto, (max-width: 1440px) 100vw, 1440px\" \/><\/a><\/figure>\n\n\n<div class=\"wp-block-group is-layout-flow wp-block-group-is-layout-flow\" style=\"padding-top:var(--wp--preset--spacing--small);padding-right:var(--wp--preset--spacing--small);padding-bottom:var(--wp--preset--spacing--small);padding-left:var(--wp--preset--spacing--small)\">\n<p class=\"is-style-default has-pp-right-grotesk-font-family\" style=\"font-style:normal;font-weight:800;text-transform:uppercase\">News<\/p>\n\n\n<h2 style=\"line-height:1.2;\" class=\"has-link-color wp-elements-e06f77aa6933325a5ba3efb3b602cf40 wp-block-post-title has-medium-font-size\"><a href=\"https:\/\/queerchamber.ca\/fr\/news\/economie-denergie-a-cinq-niveaux-de-chaine-dapprovisionnement-diversifiee\/\" target=\"_self\" >Cinq fa\u00e7ons dont une cha\u00eene d\u2019approvisionnement diversifi\u00e9e peut alimenter une \u00e9conomie canadienne plus forte\u00a0<\/a><\/h2>\n\n<div class=\"wp-block-post-excerpt\"><p class=\"wp-block-post-excerpt__excerpt\">La diversit\u00e9 des fournisseurs pr\u00e9pare le terrain pour la force et la r\u00e9silience \u00e0 tous les niveaux de l\u2019\u00e9conomie canadienne, des startups locales aux marques internationales. D\u00e9couvrez cinq fa\u00e7ons puissantes&hellip;<\/p><p class=\"wp-block-post-excerpt__more-text\"><a class=\"wp-block-post-excerpt__more-link\" href=\"https:\/\/queerchamber.ca\/fr\/news\/economie-denergie-a-cinq-niveaux-de-chaine-dapprovisionnement-diversifiee\/\">Read Article<\/a><\/p><\/div><\/div>\n<\/div>\n\n<\/li><li data-wp-key=\"post-template-item-127158\" class=\"wp-block-post post-127158 post type-post status-publish format-standard has-post-thumbnail hentry category-news\">\n\n<div class=\"wp-block-group has-light-purple-background-color has-background has-global-padding is-layout-constrained wp-container-core-group-is-layout-19e250f3 wp-block-group-is-layout-constrained\" style=\"min-height:100%\"><figure style=\"height:180px; margin-top:0;margin-bottom:0;\" class=\"wp-block-post-featured-image\"><a href=\"https:\/\/queerchamber.ca\/fr\/news\/profil-de-membre-gavin-armstrong\/\" target=\"_self\"  style=\"height:180px\"><img loading=\"lazy\" decoding=\"async\" width=\"1440\" height=\"810\" src=\"https:\/\/queerchamber.ca\/fr\/wp-content\/uploads\/sites\/7\/2026\/03\/gavin_4x5-1440x810.png\" class=\"attachment-post-thumbnail size-post-thumbnail wp-post-image\" alt=\"Plus que de la chance : comment le PDG Gavin Armstrong lutte contre la carence en fer avec le soutien des missions commerciales mondiales\" style=\"height:180px;object-fit:cover;\" \/><\/a><\/figure>\n\n\n<div class=\"wp-block-group is-layout-flow wp-block-group-is-layout-flow\" style=\"padding-top:var(--wp--preset--spacing--small);padding-right:var(--wp--preset--spacing--small);padding-bottom:var(--wp--preset--spacing--small);padding-left:var(--wp--preset--spacing--small)\">\n<p class=\"is-style-default has-pp-right-grotesk-font-family\" style=\"font-style:normal;font-weight:800;text-transform:uppercase\">News<\/p>\n\n\n<h2 style=\"line-height:1.2;\" class=\"has-link-color wp-elements-e06f77aa6933325a5ba3efb3b602cf40 wp-block-post-title has-medium-font-size\"><a href=\"https:\/\/queerchamber.ca\/fr\/news\/profil-de-membre-gavin-armstrong\/\" target=\"_self\" >Plus que de la chance : comment le PDG Gavin Armstrong lutte contre la carence en fer avec le soutien des missions commerciales mondiales<\/a><\/h2>\n\n<div class=\"wp-block-post-excerpt\"><p class=\"wp-block-post-excerpt__excerpt\">Un village rural, un petit poisson m\u00e9tallique, et un entrepreneur \u00e9trange avec la volont\u00e9 de faire la diff\u00e9rence. D\u00e9couvrez comment Gavin Armstrong, PDG de Lucky Iron Life, a fait conna\u00eetre&hellip;<\/p><p class=\"wp-block-post-excerpt__more-text\"><a class=\"wp-block-post-excerpt__more-link\" href=\"https:\/\/queerchamber.ca\/fr\/news\/profil-de-membre-gavin-armstrong\/\">Read Article<\/a><\/p><\/div><\/div>\n<\/div>\n\n<\/li><\/ul><\/div>\n<\/div>\n\n\n\n<div class=\"wp-block-column is-layout-flow wp-block-column-is-layout-flow\" style=\"padding-top:0;padding-right:0;padding-bottom:0;padding-left:0;flex-basis:25%\">\n<div class=\"wp-block-group home-newsletter has-yellow-background-color has-background has-global-padding is-layout-constrained wp-container-core-group-is-layout-8217c53c wp-block-group-is-layout-constrained\" style=\"padding-top:var(--wp--preset--spacing--medium);padding-right:var(--wp--preset--spacing--medium);padding-bottom:var(--wp--preset--spacing--medium);padding-left:var(--wp--preset--spacing--medium)\">\n<h2 class=\"wp-block-heading has-xx-large-font-size\" style=\"line-height:0.9\">Suivez nos actualit\u00e9s<\/h2>\n\n\n\n<p>Abonnez\u2011vous pour recevoir les derni\u00e8res nouvelles de la CCQC.<\/p>\n\n\n<div class=\"wpforms-container wpforms-container-save-resume wpforms-block wpforms-block-d4981f70-f725-4a72-abd2-19c73f3381cb\" id=\"wpforms-219\"><form id=\"wpforms-form-219\" class=\"wpforms-validate wpforms-form\" data-formid=\"219\" method=\"post\" enctype=\"multipart\/form-data\" action=\"\/fr\/wp-json\/wp\/v2\/pages\/59681\" data-token=\"72abe4020755aaf8a02ece2d78f576a2\" data-token-time=\"1777213641\"><noscript class=\"wpforms-error-noscript\">Please enable JavaScript in your browser to complete this form.<\/noscript><div class=\"wpforms-field-container\">\t\t<div id=\"wpforms-219-field_4-container\"\n\t\t\tclass=\"wpforms-field wpforms-field-text\"\n\t\t\tdata-field-type=\"text\"\n\t\t\tdata-field-id=\"4\"\n\t\t\t>\n\t\t\t<label class=\"wpforms-field-label\" for=\"wpforms-219-field_4\" >Name Email Layout<\/label>\n\t\t\t<input type=\"text\" id=\"wpforms-219-field_4\" class=\"wpforms-field-medium\" name=\"wpforms[fields][4]\" >\n\t\t<\/div>\n\t\t<div id=\"wpforms-219-field_3-container\" class=\"wpforms-field wpforms-field-layout\" data-field-id=\"3\"><div class=\"wpforms-field-layout-rows wpforms-field-large\"><div class=\"wpforms-layout-row\"><div class=\"wpforms-layout-column wpforms-layout-column-50\"><div id=\"wpforms-219-field_2-container\" class=\"wpforms-field wpforms-field-name\" data-field-id=\"2\"><label class=\"wpforms-field-label wpforms-label-hide\" for=\"wpforms-219-field_2\">Name <span class=\"wpforms-required-label\">*<\/span><\/label><div class=\"wpforms-field-row wpforms-field-large\"><div class=\"wpforms-field-row-block wpforms-first wpforms-one-half\"><input type=\"text\" id=\"wpforms-219-field_2\" class=\"wpforms-field-name-first wpforms-field-required\" name=\"wpforms[fields][2][first]\" placeholder=\"First Name\" required><label for=\"wpforms-219-field_2\" class=\"wpforms-field-sublabel after wpforms-sublabel-hide\">First<\/label><\/div><div class=\"wpforms-field-row-block wpforms-one-half\"><input type=\"text\" id=\"wpforms-219-field_2-last\" class=\"wpforms-field-name-last wpforms-field-required\" name=\"wpforms[fields][2][last]\" placeholder=\"Last Name\" required><label for=\"wpforms-219-field_2-last\" class=\"wpforms-field-sublabel after wpforms-sublabel-hide\">Last<\/label><\/div><\/div><\/div><\/div><div class=\"wpforms-layout-column wpforms-layout-column-50\"><div id=\"wpforms-219-field_1-container\" class=\"wpforms-field wpforms-field-email\" data-field-id=\"1\"><label class=\"wpforms-field-label wpforms-label-hide\" for=\"wpforms-219-field_1\">Email <span class=\"wpforms-required-label\">*<\/span><\/label><input type=\"email\" id=\"wpforms-219-field_1\" class=\"wpforms-field-large wpforms-field-required\" name=\"wpforms[fields][1]\" placeholder=\"Email\" spellcheck=\"false\" required><\/div><\/div><\/div><\/div><\/div><script>\n\t\t\t\t( function() {\n\t\t\t\t\tconst style = document.createElement( 'style' );\n\t\t\t\t\tstyle.appendChild( document.createTextNode( '#wpforms-219-field_4-container { position: absolute !important; overflow: hidden !important; display: inline !important; height: 1px !important; width: 1px !important; z-index: -1000 !important; padding: 0 !important; } #wpforms-219-field_4-container input { visibility: hidden; } #wpforms-conversational-form-page #wpforms-219-field_4-container label { counter-increment: none; }' ) );\n\t\t\t\t\tdocument.head.appendChild( style );\n\t\t\t\t\tdocument.currentScript?.remove();\n\t\t\t\t} )();\n\t\t\t<\/script><\/div><!-- .wpforms-field-container --><div class=\"wpforms-recaptcha-container wpforms-is-recaptcha wpforms-is-recaptcha-type-v3\" ><input type=\"hidden\" name=\"wpforms[recaptcha]\" value=\"\"><\/div><div class=\"wpforms-submit-container\" ><input type=\"hidden\" name=\"wpforms[id]\" value=\"219\"><input type=\"hidden\" name=\"page_title\" value=\"\"><input type=\"hidden\" name=\"page_url\" value=\"https:\/\/queerchamber.ca\/fr\/wp-json\/wp\/v2\/pages\/59681\"><input type=\"hidden\" name=\"url_referer\" value=\"\"><button type=\"submit\" name=\"wpforms[submit]\" id=\"wpforms-submit-219\" class=\"wpforms-submit\" data-alt-text=\"Sending...\" data-submit-text=\"Submit\" aria-live=\"assertive\" value=\"wpforms-submit\">Submit<\/button><\/div><\/form><\/div>  <!-- .wpforms-container -->\n\n\n<div style=\"height:25px\" aria-hidden=\"true\" class=\"wp-block-spacer\"><\/div>\n<\/div>\n<\/div>\n<\/div>\n<\/div>\n\n\n\n<div style=\"height:30px\" aria-hidden=\"true\" class=\"wp-block-spacer\"><\/div>\n\n\n\n<div class=\"wp-block-group has-purple-background-color has-background has-global-padding is-layout-constrained wp-block-group-is-layout-constrained\" style=\"padding-top:var(--wp--preset--spacing--x-large);padding-bottom:var(--wp--preset--spacing--x-large)\">\n<div class=\"wp-block-columns is-layout-flex wp-container-core-columns-is-layout-28f84493 wp-block-columns-is-layout-flex\">\n<div class=\"wp-block-column is-layout-flow wp-block-column-is-layout-flow\">\n<h2 class=\"wp-block-heading has-xx-large-font-size\" style=\"line-height:1\">Devenez membre AUJOURD\u2019HUI<\/h2>\n\n\n\n<p>L\u2019adh\u00e9sion est ouverte \u00e0 toute personne qui souhaite d\u00e9velopper son r\u00e9seau dans la communaut\u00e9 d\u2019affaires 2ELGBTQI+.<\/p>\n\n\n\n<div class=\"wp-block-buttons is-layout-flex wp-block-buttons-is-layout-flex\">\n<div class=\"wp-block-button is-style-fill\"><a class=\"wp-block-button__link has-primary-background-color has-background has-border-color has-primary-border-color wp-element-button\" href=\"https:\/\/queerchamber.ca\/fr\/membership\/#BenefitsOfMembership\">Voir les avantages pour les membres<\/a><\/div>\n\n\n\n<div class=\"wp-block-button is-style-fill\"><a class=\"wp-block-button__link has-primary-background-color has-background wp-element-button\" href=\"https:\/\/queerchamber.ca\/fr\/membership\/\">Adh\u00e9sion<\/a><\/div>\n<\/div>\n<\/div>\n\n\n\n<div class=\"wp-block-column is-layout-flow wp-container-core-column-is-layout-8a368f38 wp-block-column-is-layout-flow\">\n<h2 class=\"wp-block-heading\" style=\"line-height:1\"><strong>ACC\u00c8S<\/strong><\/h2>\n\n\n\n<p>Acc\u00e9dez \u00e0 du contenu exclusif sur le leadership \u00e9clair\u00e9, \u00e0 des webinaires et \u00e0 des ressources.<\/p>\n\n\n\n<p><\/p>\n\n\n\n<h2 class=\"wp-block-heading\"><strong>Liens<\/strong><\/h2>\n\n\n\n<p>Participez \u00e0 des \u00e9v\u00e9nements de r\u00e9seautage pour rencontrer des professionnel.le.s, des entreprises et des alli\u00e9.e.s 2ELGBTQI+.<\/p>\n\n\n\n<p><\/p>\n\n\n\n<h2 class=\"wp-block-heading\"><strong>Croissance<\/strong><\/h2>\n\n\n\n<p>Obtenez les outils, les informations et le soutien n\u00e9cessaires pour d\u00e9velopper votre entreprise et votre r\u00e9seau.<br><\/p>\n<\/div>\n<\/div>\n<\/div>\n\n\n\n<div class=\"wp-block-group has-global-padding is-layout-constrained wp-block-group-is-layout-constrained\" style=\"padding-top:var(--wp--preset--spacing--x-large);padding-bottom:var(--wp--preset--spacing--x-large)\">\n<div class=\"wp-block-columns is-layout-flex wp-container-core-columns-is-layout-28f84493 wp-block-columns-is-layout-flex\">\n<div class=\"wp-block-column is-layout-flow wp-block-column-is-layout-flow\" style=\"flex-basis:66%\">\n<h2 class=\"wp-block-heading has-xx-large-font-size\">NOS PROGRAMMES<\/h2>\n\n\n\n<p class=\"has-medium-font-size\">Nos programmes ont pour but de faire rayonner les entreprises 2ELGBTQI+ et avancer la diversit\u00e9 et l\u2019inclusion dans toute l\u2019\u00e9conomie canadienne.<\/p>\n<\/div>\n\n\n\n<div class=\"wp-block-column is-layout-flow wp-block-column-is-layout-flow\"><\/div>\n<\/div>\n\n\n\r\n<section class=\"programs-block block-container\" aria-labelledby=\"programs-heading\">\r\n    <div class=\"programs-block__inner\">\r\n\r\n        <div class=\"programs-block__content\">\r\n            <!-- Vertical Tabs Navigation -->\r\n            <nav class=\"programs-block__tabs\" role=\"tablist\" aria-label=\"Programs navigation\">\r\n                                    <button\r\n                        class=\"programs-block__tab is-active\"\r\n                        id=\"program-tab-0\"\r\n                        role=\"tab\"\r\n                        aria-selected=\"true\"\r\n                        aria-controls=\"program-panel-0\"\r\n                        tabindex=\"0\"\r\n                        data-index=\"0\">\r\n                        <span class=\"program-name\">Diversit\u00e9 des fournisseurs<\/span>\r\n                    <\/button>\r\n                                    <button\r\n                        class=\"programs-block__tab \"\r\n                        id=\"program-tab-1\"\r\n                        role=\"tab\"\r\n                        aria-selected=\"false\"\r\n                        aria-controls=\"program-panel-1\"\r\n                        tabindex=\"-1\"\r\n                        data-index=\"1\">\r\n                        <span class=\"program-name\">Arc-en-ciel Officiel<\/span>\r\n                    <\/button>\r\n                                    <button\r\n                        class=\"programs-block__tab \"\r\n                        id=\"program-tab-2\"\r\n                        role=\"tab\"\r\n                        aria-selected=\"false\"\r\n                        aria-controls=\"program-panel-2\"\r\n                        tabindex=\"-1\"\r\n                        data-index=\"2\">\r\n                        <span class=\"program-name\">FIER.E EN AFFAIRES<\/span>\r\n                    <\/button>\r\n                                    <button\r\n                        class=\"programs-block__tab \"\r\n                        id=\"program-tab-3\"\r\n                        role=\"tab\"\r\n                        aria-selected=\"false\"\r\n                        aria-controls=\"program-panel-3\"\r\n                        tabindex=\"-1\"\r\n                        data-index=\"3\">\r\n                        <span class=\"program-name\">Programme Mondial<\/span>\r\n                    <\/button>\r\n                                    <button\r\n                        class=\"programs-block__tab \"\r\n                        id=\"program-tab-4\"\r\n                        role=\"tab\"\r\n                        aria-selected=\"false\"\r\n                        aria-controls=\"program-panel-4\"\r\n                        tabindex=\"-1\"\r\n                        data-index=\"4\">\r\n                        <span class=\"program-name\">FAM<\/span>\r\n                    <\/button>\r\n                                    <button\r\n                        class=\"programs-block__tab \"\r\n                        id=\"program-tab-5\"\r\n                        role=\"tab\"\r\n                        aria-selected=\"false\"\r\n                        aria-controls=\"program-panel-5\"\r\n                        tabindex=\"-1\"\r\n                        data-index=\"5\">\r\n                        <span class=\"program-name\">Acc\u00e8s aux conseill\u00e8r.e.s<\/span>\r\n                    <\/button>\r\n                                    <button\r\n                        class=\"programs-block__tab \"\r\n                        id=\"program-tab-6\"\r\n                        role=\"tab\"\r\n                        aria-selected=\"false\"\r\n                        aria-controls=\"program-panel-6\"\r\n                        tabindex=\"-1\"\r\n                        data-index=\"6\">\r\n                        <span class=\"program-name\">Sant\u00e9 Mentale<\/span>\r\n                    <\/button>\r\n                                    <button\r\n                        class=\"programs-block__tab \"\r\n                        id=\"program-tab-7\"\r\n                        role=\"tab\"\r\n                        aria-selected=\"false\"\r\n                        aria-controls=\"program-panel-7\"\r\n                        tabindex=\"-1\"\r\n                        data-index=\"7\">\r\n                        <span class=\"program-name\">Entrepreneuriat<\/span>\r\n                    <\/button>\r\n                                    <button\r\n                        class=\"programs-block__tab \"\r\n                        id=\"program-tab-8\"\r\n                        role=\"tab\"\r\n                        aria-selected=\"false\"\r\n                        aria-controls=\"program-panel-8\"\r\n                        tabindex=\"-1\"\r\n                        data-index=\"8\">\r\n                        <span class=\"program-name\">Tourisme<\/span>\r\n                    <\/button>\r\n                            <\/nav>\r\n\r\n            <!-- Tab Panels -->\r\n            <div class=\"programs-block__panels\">\r\n                                    <div\r\n                        class=\"programs-block__panel is-active\"\r\n                        id=\"program-panel-0\"\r\n                        role=\"tabpanel\"\r\n                        aria-labelledby=\"program-tab-0\"\r\n                        >\r\n\r\n                        <div class=\"programs-block__panel-content\">\r\n                            <div class=\"programs-block__text\">\r\n                                <div class=\"programs-block__description\">\r\n                                    <p data-start=\"87\" data-end=\"480\">Ce programme offre aux entreprises 2ELGBTQI+ canadiennes un acc\u00e8s sans pr\u00e9c\u00e9dent \u00e0 des occasions d\u2019affaires, \u00e0 de nouveaux partenariats et \u00e0 un vaste r\u00e9seau de contacts.Les entreprises et organisations participantes en tirent aussi profit : en diversifiant leurs fournisseurs et prestataires de services, elles enrichissent la diversit\u00e9 de leurs connaissances et de leurs comp\u00e9tences.<\/p>\n<p data-start=\"482\" data-end=\"503\">Points cl\u00e9s :<\/p>\n<ul data-start=\"504\" data-end=\"654\">\n<li data-start=\"504\" data-end=\"562\">\n<p data-start=\"506\" data-end=\"562\">Offre aux fournisseurs certifi\u00e9s des occasions uniques<\/p>\n<\/li>\n<li data-start=\"563\" data-end=\"654\">\n<p data-start=\"565\" data-end=\"654\">Aide les organisations \u00e0 demeurer \u00e0 l\u2019avant-garde des pratiques en mati\u00e8re de diversit\u00e9<\/p>\n<\/li>\n<\/ul>\n<p>&nbsp;<\/p>\n                                <\/div>\r\n                            <\/div>\r\n\r\n                                                            <div class=\"programs-block__image\">\r\n                                    <div class=\"programs-block__image-wrapper\">\r\n                                        <figure class=\"is-style-line-overlay-red-left\">\r\n                                        <img decoding=\"async\" width=\"960\" height=\"562\" src=\"https:\/\/queerchamber.ca\/fr\/wp-content\/uploads\/sites\/7\/2025\/10\/SupplierDiversity_FR_Fill-scaled-960x562.png\" class=\"attachment-large size-large\" alt=\"Diversit\u00e9 des fournisseurs\" loading=\"lazy\" srcset=\"https:\/\/queerchamber.ca\/fr\/wp-content\/uploads\/sites\/7\/2025\/10\/SupplierDiversity_FR_Fill-scaled-960x562.png 960w, https:\/\/queerchamber.ca\/fr\/wp-content\/uploads\/sites\/7\/2025\/10\/SupplierDiversity_FR_Fill-scaled-462x270.png 462w, https:\/\/queerchamber.ca\/fr\/wp-content\/uploads\/sites\/7\/2025\/10\/SupplierDiversity_FR_Fill-scaled-768x449.png 768w, https:\/\/queerchamber.ca\/fr\/wp-content\/uploads\/sites\/7\/2025\/10\/SupplierDiversity_FR_Fill-scaled-1536x899.png 1536w, https:\/\/queerchamber.ca\/fr\/wp-content\/uploads\/sites\/7\/2025\/10\/SupplierDiversity_FR_Fill-scaled-2048x1198.png 2048w\" sizes=\"auto, (max-width: 960px) 100vw, 960px\" \/>                                        <\/figure>\r\n                                    <\/div>\r\n\r\n                                                                            <div class=\"programs-block__link\">\r\n                                            <div class=\"wp-block-button\">\r\n                                                <a href=\"https:\/\/queerchamber.ca\/fr\/diversite-des-fournisseurs\/\"\r\n                                                   class=\"wp-block-button__link wp-element-button\"\r\n                                                   aria-label=\"Learn more about Diversit\u00e9 des fournisseurs\">\r\n                                                    Learn About This Program\r\n                                                <\/a>\r\n                                            <\/div>\r\n                                        <\/div>\r\n                                                                    <\/div>\r\n                                                    <\/div>\r\n                    <\/div>\r\n                                    <div\r\n                        class=\"programs-block__panel \"\r\n                        id=\"program-panel-1\"\r\n                        role=\"tabpanel\"\r\n                        aria-labelledby=\"program-tab-1\"\r\n                        hidden>\r\n\r\n                        <div class=\"programs-block__panel-content\">\r\n                            <div class=\"programs-block__text\">\r\n                                <div class=\"programs-block__description\">\r\n                                    <p data-start=\"129\" data-end=\"465\">Arc-en-ciel Officiel est une accr\u00e9ditation nationale reconnaissant les entreprises et organisations qui offrent des espaces accueillants et inclusifs pour les personnes 2ELGBTQI+.<br data-start=\"310\" data-end=\"313\" \/>Les entreprises accr\u00e9dit\u00e9es sont reconnues comme pr\u00eates \u00e0 servir le march\u00e9 2ELGBTQI+ et peuvent fi\u00e8rement s\u2019associer \u00e0 cette d\u00e9signation prestigieuse.<\/p>\n<p data-start=\"467\" data-end=\"488\">Points cl\u00e9s :<\/p>\n<ul data-start=\"489\" data-end=\"614\">\n<li data-start=\"489\" data-end=\"553\">\n<p data-start=\"491\" data-end=\"553\">D\u00e9montre votre engagement \u00e0 cr\u00e9er des espaces plus inclusifs<\/p>\n<\/li>\n<li data-start=\"554\" data-end=\"614\">\n<p data-start=\"556\" data-end=\"614\">Renforce la confiance au sein de la communaut\u00e9 2ELGBTQI+<\/p>\n<\/li>\n<\/ul>\n<p>&nbsp;<\/p>\n                                <\/div>\r\n                            <\/div>\r\n\r\n                                                            <div class=\"programs-block__image\">\r\n                                    <div class=\"programs-block__image-wrapper\">\r\n                                        <figure class=\"is-style-line-overlay-red-left\">\r\n                                        <img decoding=\"async\" width=\"960\" height=\"320\" src=\"https:\/\/queerchamber.ca\/fr\/wp-content\/uploads\/sites\/7\/2025\/10\/BlackLogoHorizontal-RainbowRegistered-960x320.webp\" class=\"attachment-large size-large\" alt=\"Arc-en-ciel Officiel\" loading=\"lazy\" srcset=\"https:\/\/queerchamber.ca\/fr\/wp-content\/uploads\/sites\/7\/2025\/10\/BlackLogoHorizontal-RainbowRegistered-960x320.webp 960w, https:\/\/queerchamber.ca\/fr\/wp-content\/uploads\/sites\/7\/2025\/10\/BlackLogoHorizontal-RainbowRegistered-462x154.webp 462w, https:\/\/queerchamber.ca\/fr\/wp-content\/uploads\/sites\/7\/2025\/10\/BlackLogoHorizontal-RainbowRegistered-768x256.webp 768w, https:\/\/queerchamber.ca\/fr\/wp-content\/uploads\/sites\/7\/2025\/10\/BlackLogoHorizontal-RainbowRegistered.webp 1024w\" sizes=\"auto, (max-width: 960px) 100vw, 960px\" \/>                                        <\/figure>\r\n                                    <\/div>\r\n\r\n                                                                            <div class=\"programs-block__link\">\r\n                                            <div class=\"wp-block-button\">\r\n                                                <a href=\"https:\/\/queerchamber.ca\/fr\/arc-en-ciel-officiel\/\"\r\n                                                   class=\"wp-block-button__link wp-element-button\"\r\n                                                   aria-label=\"Learn more about Arc-en-ciel Officiel\">\r\n                                                    Learn About This Program\r\n                                                <\/a>\r\n                                            <\/div>\r\n                                        <\/div>\r\n                                                                    <\/div>\r\n                                                    <\/div>\r\n                    <\/div>\r\n                                    <div\r\n                        class=\"programs-block__panel \"\r\n                        id=\"program-panel-2\"\r\n                        role=\"tabpanel\"\r\n                        aria-labelledby=\"program-tab-2\"\r\n                        hidden>\r\n\r\n                        <div class=\"programs-block__panel-content\">\r\n                            <div class=\"programs-block__text\">\r\n                                <div class=\"programs-block__description\">\r\n                                    <p data-start=\"99\" data-end=\"481\">FIER.E EN AFFAIRES\u00a0est le seul programme national de mentorat au Canada destin\u00e9 aux personnes entrepreneures 2ELGBTQI+. Chaque ann\u00e9e, le programme soutient un groupe d\u2019entrepreneurs 2ELGBTQI+ en mettant en relation des leaders d\u2019affaires de notre communaut\u00e9 avec la prochaine g\u00e9n\u00e9ration de leaders, afin de leur offrir conseils et accompagnement pour d\u00e9velopper leur entreprise.<\/p>\n<p data-start=\"483\" data-end=\"504\">Points cl\u00e9s :<\/p>\n<ul data-start=\"505\" data-end=\"647\">\n<li data-start=\"505\" data-end=\"556\">\n<p data-start=\"507\" data-end=\"556\">Sessions de mentorat individuelles et en groupe<\/p>\n<\/li>\n<li data-start=\"557\" data-end=\"647\">\n<p data-start=\"559\" data-end=\"647\">Favorise la progression des entrepreneurs 2ELGBTQI+ de tous \u00e2ges et de divers horizons<\/p>\n<\/li>\n<\/ul>\n<p>&nbsp;<\/p>\n                                <\/div>\r\n                            <\/div>\r\n\r\n                                                            <div class=\"programs-block__image\">\r\n                                    <div class=\"programs-block__image-wrapper\">\r\n                                        <figure class=\"is-style-line-overlay-red-left\">\r\n                                        <img decoding=\"async\" width=\"960\" height=\"562\" src=\"https:\/\/queerchamber.ca\/fr\/wp-content\/uploads\/sites\/7\/2025\/10\/OUTforBusiness_FR_Fill-scaled-960x562.png\" class=\"attachment-large size-large\" alt=\"FIER.E EN AFFAIRES\" loading=\"lazy\" srcset=\"https:\/\/queerchamber.ca\/fr\/wp-content\/uploads\/sites\/7\/2025\/10\/OUTforBusiness_FR_Fill-scaled-960x562.png 960w, https:\/\/queerchamber.ca\/fr\/wp-content\/uploads\/sites\/7\/2025\/10\/OUTforBusiness_FR_Fill-scaled-462x270.png 462w, https:\/\/queerchamber.ca\/fr\/wp-content\/uploads\/sites\/7\/2025\/10\/OUTforBusiness_FR_Fill-scaled-768x449.png 768w, https:\/\/queerchamber.ca\/fr\/wp-content\/uploads\/sites\/7\/2025\/10\/OUTforBusiness_FR_Fill-scaled-1536x899.png 1536w, https:\/\/queerchamber.ca\/fr\/wp-content\/uploads\/sites\/7\/2025\/10\/OUTforBusiness_FR_Fill-scaled-2048x1198.png 2048w\" sizes=\"auto, (max-width: 960px) 100vw, 960px\" \/>                                        <\/figure>\r\n                                    <\/div>\r\n\r\n                                                                            <div class=\"programs-block__link\">\r\n                                            <div class=\"wp-block-button\">\r\n                                                <a href=\"https:\/\/queerchamber.ca\/fr\/fiere-en-affaires\/\"\r\n                                                   class=\"wp-block-button__link wp-element-button\"\r\n                                                   aria-label=\"Learn more about FIER.E EN AFFAIRES\">\r\n                                                    Learn About This Program\r\n                                                <\/a>\r\n                                            <\/div>\r\n                                        <\/div>\r\n                                                                    <\/div>\r\n                                                    <\/div>\r\n                    <\/div>\r\n                                    <div\r\n                        class=\"programs-block__panel \"\r\n                        id=\"program-panel-3\"\r\n                        role=\"tabpanel\"\r\n                        aria-labelledby=\"program-tab-3\"\r\n                        hidden>\r\n\r\n                        <div class=\"programs-block__panel-content\">\r\n                            <div class=\"programs-block__text\">\r\n                                <div class=\"programs-block__description\">\r\n                                    <p data-start=\"59\" data-end=\"400\">La CCQC, avec le g\u00e9n\u00e9reux soutien d&#8217;Exportation et d\u00e9veloppement Canada (EDC), est fi\u00e8re d\u2019aider les entreprises et personnes entrepreneures 2ELGBTQI+ canadiennes \u00e0 se d\u00e9velopper \u00e0 l\u2019international. Nous proposons un programme de pr\u00e9paration \u00e0 l\u2019exportation et organisons r\u00e9guli\u00e8rement des missions commerciales \u00e0 travers le monde.<\/p>\n<p data-start=\"402\" data-end=\"419\">Points cl\u00e9s :<\/p>\n<ul data-start=\"420\" data-end=\"604\">\n<li data-start=\"420\" data-end=\"520\">\n<p data-start=\"422\" data-end=\"520\">D\u00e9veloppement des comp\u00e9tences sur mesure, mentorat et acc\u00e8s \u00e0 des r\u00e9seaux commerciaux essentiels<\/p>\n<\/li>\n<li data-start=\"521\" data-end=\"604\">\n<p data-start=\"523\" data-end=\"604\">Connaissances, comp\u00e9tences et contacts pour explorer les march\u00e9s internationaux<\/p>\n<\/li>\n<\/ul>\n<p>&nbsp;<\/p>\n                                <\/div>\r\n                            <\/div>\r\n\r\n                                                            <div class=\"programs-block__image\">\r\n                                    <div class=\"programs-block__image-wrapper\">\r\n                                        <figure class=\"is-style-line-overlay-red-left\">\r\n                                        <img decoding=\"async\" width=\"960\" height=\"562\" src=\"https:\/\/queerchamber.ca\/fr\/wp-content\/uploads\/sites\/7\/2025\/10\/Global-Program_FR_Fill-scaled-960x562.png\" class=\"attachment-large size-large\" alt=\"Programme Mondial\" loading=\"lazy\" srcset=\"https:\/\/queerchamber.ca\/fr\/wp-content\/uploads\/sites\/7\/2025\/10\/Global-Program_FR_Fill-scaled-960x562.png 960w, https:\/\/queerchamber.ca\/fr\/wp-content\/uploads\/sites\/7\/2025\/10\/Global-Program_FR_Fill-scaled-462x270.png 462w, https:\/\/queerchamber.ca\/fr\/wp-content\/uploads\/sites\/7\/2025\/10\/Global-Program_FR_Fill-scaled-768x449.png 768w, https:\/\/queerchamber.ca\/fr\/wp-content\/uploads\/sites\/7\/2025\/10\/Global-Program_FR_Fill-scaled-1536x899.png 1536w, https:\/\/queerchamber.ca\/fr\/wp-content\/uploads\/sites\/7\/2025\/10\/Global-Program_FR_Fill-scaled-2048x1198.png 2048w\" sizes=\"auto, (max-width: 960px) 100vw, 960px\" \/>                                        <\/figure>\r\n                                    <\/div>\r\n\r\n                                                                            <div class=\"programs-block__link\">\r\n                                            <div class=\"wp-block-button\">\r\n                                                <a href=\"https:\/\/queerchamber.ca\/fr\/programme-mondial\/\"\r\n                                                   class=\"wp-block-button__link wp-element-button\"\r\n                                                   aria-label=\"Learn more about Programme Mondial\">\r\n                                                    Learn About This Program\r\n                                                <\/a>\r\n                                            <\/div>\r\n                                        <\/div>\r\n                                                                    <\/div>\r\n                                                    <\/div>\r\n                    <\/div>\r\n                                    <div\r\n                        class=\"programs-block__panel \"\r\n                        id=\"program-panel-4\"\r\n                        role=\"tabpanel\"\r\n                        aria-labelledby=\"program-tab-4\"\r\n                        hidden>\r\n\r\n                        <div class=\"programs-block__panel-content\">\r\n                            <div class=\"programs-block__text\">\r\n                                <div class=\"programs-block__description\">\r\n                                    <p data-start=\"99\" data-end=\"438\">La CCQC, avec le g\u00e9n\u00e9reux soutien d&#8217;Exportation et d\u00e9veloppement Canada (EDC), est fi\u00e8re d\u2019aider les entreprises et personnes entrepreneures 2ELGBTQI+ canadiennes \u00e0 se d\u00e9velopper \u00e0 l\u2019international. Nous offrons un programme de pr\u00e9paration \u00e0 l\u2019exportation et organisons r\u00e9guli\u00e8rement des missions commerciales \u00e0 travers le monde.<\/p>\n<p data-start=\"440\" data-end=\"457\">Points cl\u00e9s :<\/p>\n<ul data-start=\"458\" data-end=\"642\">\n<li data-start=\"458\" data-end=\"558\">\n<p data-start=\"460\" data-end=\"558\">D\u00e9veloppement des comp\u00e9tences sur mesure, mentorat et acc\u00e8s \u00e0 des r\u00e9seaux commerciaux essentiels<\/p>\n<\/li>\n<li data-start=\"559\" data-end=\"642\">\n<p data-start=\"561\" data-end=\"642\">Connaissances, comp\u00e9tences et contacts pour explorer les march\u00e9s internationaux<\/p>\n<\/li>\n<\/ul>\n<p>&nbsp;<\/p>\n                                <\/div>\r\n                            <\/div>\r\n\r\n                                                            <div class=\"programs-block__image\">\r\n                                    <div class=\"programs-block__image-wrapper\">\r\n                                        <figure class=\"is-style-line-overlay-red-left\">\r\n                                        <img decoding=\"async\" width=\"960\" height=\"562\" src=\"https:\/\/queerchamber.ca\/fr\/wp-content\/uploads\/sites\/7\/2025\/10\/FAM_FR_Fill-960x562.png\" class=\"attachment-large size-large\" alt=\"FAM\" loading=\"lazy\" srcset=\"https:\/\/queerchamber.ca\/fr\/wp-content\/uploads\/sites\/7\/2025\/10\/FAM_FR_Fill-960x562.png 960w, https:\/\/queerchamber.ca\/fr\/wp-content\/uploads\/sites\/7\/2025\/10\/FAM_FR_Fill-462x270.png 462w, https:\/\/queerchamber.ca\/fr\/wp-content\/uploads\/sites\/7\/2025\/10\/FAM_FR_Fill-768x449.png 768w, https:\/\/queerchamber.ca\/fr\/wp-content\/uploads\/sites\/7\/2025\/10\/FAM_FR_Fill-1536x899.png 1536w, https:\/\/queerchamber.ca\/fr\/wp-content\/uploads\/sites\/7\/2025\/10\/FAM_FR_Fill-2048x1198.png 2048w\" sizes=\"auto, (max-width: 960px) 100vw, 960px\" \/>                                        <\/figure>\r\n                                    <\/div>\r\n\r\n                                                                            <div class=\"programs-block__link\">\r\n                                            <div class=\"wp-block-button\">\r\n                                                <a href=\"https:\/\/queerchamber.ca\/fr\/fam\/\"\r\n                                                   class=\"wp-block-button__link wp-element-button\"\r\n                                                   aria-label=\"Learn more about FAM\">\r\n                                                    Learn About This Program\r\n                                                <\/a>\r\n                                            <\/div>\r\n                                        <\/div>\r\n                                                                    <\/div>\r\n                                                    <\/div>\r\n                    <\/div>\r\n                                    <div\r\n                        class=\"programs-block__panel \"\r\n                        id=\"program-panel-5\"\r\n                        role=\"tabpanel\"\r\n                        aria-labelledby=\"program-tab-5\"\r\n                        hidden>\r\n\r\n                        <div class=\"programs-block__panel-content\">\r\n                            <div class=\"programs-block__text\">\r\n                                <div class=\"programs-block__description\">\r\n                                    <p data-start=\"66\" data-end=\"433\">Ce programme propose des sessions structur\u00e9es et des rencontres individuelles avec des conseillers experts, con\u00e7ues sp\u00e9cifiquement pour les personnes entrepreneures nouvellement arriv\u00e9es au Canada. Participez \u00e0 des discussions anim\u00e9es par des personnes expertes sur les d\u00e9fis commerciaux les plus fr\u00e9quents rencontr\u00e9s par les entrepreneures 2ELGBTQI+ nouvellement arriv\u00e9es.<\/p>\n<p data-start=\"435\" data-end=\"452\">Points cl\u00e9s :<\/p>\n<ul data-start=\"453\" data-end=\"609\">\n<li data-start=\"453\" data-end=\"528\">\n<p data-start=\"455\" data-end=\"528\">Sessions offrant des conseils personnalis\u00e9s et des strat\u00e9gies concr\u00e8tes<\/p>\n<\/li>\n<li data-start=\"529\" data-end=\"609\">\n<p data-start=\"531\" data-end=\"609\">Occasions de r\u00e9seautage et d\u2019int\u00e9gration dans l\u2019\u00e9cosyst\u00e8me \u00e9largi de la CCQC<\/p>\n<\/li>\n<\/ul>\n<p>&nbsp;<\/p>\n                                <\/div>\r\n                            <\/div>\r\n\r\n                                                            <div class=\"programs-block__image\">\r\n                                    <div class=\"programs-block__image-wrapper\">\r\n                                        <figure class=\"is-style-line-overlay-red-left\">\r\n                                        <img decoding=\"async\" width=\"960\" height=\"562\" src=\"https:\/\/queerchamber.ca\/fr\/wp-content\/uploads\/sites\/7\/2025\/10\/Newcomers_logoFR-960x562.jpg\" class=\"attachment-large size-large\" alt=\"Acc\u00e8s aux conseill\u00e8r.e.s\" loading=\"lazy\" srcset=\"https:\/\/queerchamber.ca\/fr\/wp-content\/uploads\/sites\/7\/2025\/10\/Newcomers_logoFR-960x562.jpg 960w, https:\/\/queerchamber.ca\/fr\/wp-content\/uploads\/sites\/7\/2025\/10\/Newcomers_logoFR-462x270.jpg 462w, https:\/\/queerchamber.ca\/fr\/wp-content\/uploads\/sites\/7\/2025\/10\/Newcomers_logoFR-768x449.jpg 768w, https:\/\/queerchamber.ca\/fr\/wp-content\/uploads\/sites\/7\/2025\/10\/Newcomers_logoFR.jpg 1000w\" sizes=\"auto, (max-width: 960px) 100vw, 960px\" \/>                                        <\/figure>\r\n                                    <\/div>\r\n\r\n                                                                            <div class=\"programs-block__link\">\r\n                                            <div class=\"wp-block-button\">\r\n                                                <a href=\"https:\/\/queerchamber.ca\/fr\/2slgbtqi-newcomers-program\/\"\r\n                                                   class=\"wp-block-button__link wp-element-button\"\r\n                                                   aria-label=\"Learn more about Acc\u00e8s aux conseill\u00e8r.e.s\">\r\n                                                    Learn About This Program\r\n                                                <\/a>\r\n                                            <\/div>\r\n                                        <\/div>\r\n                                                                    <\/div>\r\n                                                    <\/div>\r\n                    <\/div>\r\n                                    <div\r\n                        class=\"programs-block__panel \"\r\n                        id=\"program-panel-6\"\r\n                        role=\"tabpanel\"\r\n                        aria-labelledby=\"program-tab-6\"\r\n                        hidden>\r\n\r\n                        <div class=\"programs-block__panel-content\">\r\n                            <div class=\"programs-block__text\">\r\n                                <div class=\"programs-block__description\">\r\n                                    <p data-start=\"109\" data-end=\"403\">La sant\u00e9 mentale affecte de mani\u00e8re disproportionn\u00e9e les personnes et entrepreneures 2ELGBTQI+. C\u2019est pourquoi la CCQC s\u2019est associ\u00e9e \u00e0 Our Landing Place pour lancer une initiative marquante en mati\u00e8re de sant\u00e9 mentale destin\u00e9e aux entrepreneures et propri\u00e9taires d\u2019entreprises 2ELGBTQI+.<\/p>\n<p data-start=\"405\" data-end=\"422\">Points cl\u00e9s :<\/p>\n<ul data-start=\"423\" data-end=\"566\">\n<li data-start=\"423\" data-end=\"504\">\n<p data-start=\"425\" data-end=\"504\">Ateliers de groupe offrant des conseils pratiques et des strat\u00e9gies concr\u00e8tes<\/p>\n<\/li>\n<li data-start=\"505\" data-end=\"566\">\n<p data-start=\"507\" data-end=\"566\">Soutien individuel confidentiel en sant\u00e9 mentale, gratuit<\/p>\n<\/li>\n<\/ul>\n<p>&nbsp;<\/p>\n                                <\/div>\r\n                            <\/div>\r\n\r\n                                                            <div class=\"programs-block__image\">\r\n                                    <div class=\"programs-block__image-wrapper\">\r\n                                        <figure class=\"is-style-line-overlay-red-left\">\r\n                                        <img decoding=\"async\" width=\"960\" height=\"562\" src=\"https:\/\/queerchamber.ca\/fr\/wp-content\/uploads\/sites\/7\/2025\/10\/MentalHealth_logoFR-960x562.jpg\" class=\"attachment-large size-large\" alt=\"Sant\u00e9 Mentale\" loading=\"lazy\" srcset=\"https:\/\/queerchamber.ca\/fr\/wp-content\/uploads\/sites\/7\/2025\/10\/MentalHealth_logoFR-960x562.jpg 960w, https:\/\/queerchamber.ca\/fr\/wp-content\/uploads\/sites\/7\/2025\/10\/MentalHealth_logoFR-462x270.jpg 462w, https:\/\/queerchamber.ca\/fr\/wp-content\/uploads\/sites\/7\/2025\/10\/MentalHealth_logoFR-768x449.jpg 768w, https:\/\/queerchamber.ca\/fr\/wp-content\/uploads\/sites\/7\/2025\/10\/MentalHealth_logoFR.jpg 1000w\" sizes=\"auto, (max-width: 960px) 100vw, 960px\" \/>                                        <\/figure>\r\n                                    <\/div>\r\n\r\n                                                                            <div class=\"programs-block__link\">\r\n                                            <div class=\"wp-block-button\">\r\n                                                <a href=\"https:\/\/queerchamber.ca\/fr\/mental-health-initiative\/\"\r\n                                                   class=\"wp-block-button__link wp-element-button\"\r\n                                                   aria-label=\"Learn more about Sant\u00e9 Mentale\">\r\n                                                    Learn About This Program\r\n                                                <\/a>\r\n                                            <\/div>\r\n                                        <\/div>\r\n                                                                    <\/div>\r\n                                                    <\/div>\r\n                    <\/div>\r\n                                    <div\r\n                        class=\"programs-block__panel \"\r\n                        id=\"program-panel-7\"\r\n                        role=\"tabpanel\"\r\n                        aria-labelledby=\"program-tab-7\"\r\n                        hidden>\r\n\r\n                        <div class=\"programs-block__panel-content\">\r\n                            <div class=\"programs-block__text\">\r\n                                <div class=\"programs-block__description\">\r\n                                    <p data-start=\"96\" data-end=\"442\">Ce programme vise \u00e0 lever les obstacles \u00e0 la cr\u00e9ation, au maintien et au d\u00e9veloppement d\u2019entreprises de petite et moyenne taille (PME) \u00e0 travers le Canada, en mettant particuli\u00e8rement l\u2019accent sur les groupes m\u00e9ritant une attention particuli\u00e8re en mati\u00e8re d\u2019\u00e9quit\u00e9. Cela se fait par le biais d\u2019un soutien cibl\u00e9 aux organisations communautaires.<\/p>\n<p data-start=\"444\" data-end=\"461\">Points cl\u00e9s :<\/p>\n<ul data-start=\"462\" data-end=\"605\">\n<li data-start=\"462\" data-end=\"539\">\n<p data-start=\"464\" data-end=\"539\">Renforce la durabilit\u00e9 globale, stimule la croissance et la comp\u00e9titivit\u00e9<\/p>\n<\/li>\n<li data-start=\"540\" data-end=\"605\">\n<p data-start=\"542\" data-end=\"605\">Contribue \u00e0 des retomb\u00e9es \u00e9conomiques et sociales plus larges<\/p>\n<\/li>\n<\/ul>\n<p>&nbsp;<\/p>\n                                <\/div>\r\n                            <\/div>\r\n\r\n                                                            <div class=\"programs-block__image\">\r\n                                    <div class=\"programs-block__image-wrapper\">\r\n                                        <figure class=\"is-style-line-overlay-red-left\">\r\n                                        <img decoding=\"async\" width=\"960\" height=\"562\" src=\"https:\/\/queerchamber.ca\/fr\/wp-content\/uploads\/sites\/7\/2025\/10\/FEP_logoFR-960x562.jpg\" class=\"attachment-large size-large\" alt=\"Entrepreneuriat\" loading=\"lazy\" srcset=\"https:\/\/queerchamber.ca\/fr\/wp-content\/uploads\/sites\/7\/2025\/10\/FEP_logoFR-960x562.jpg 960w, https:\/\/queerchamber.ca\/fr\/wp-content\/uploads\/sites\/7\/2025\/10\/FEP_logoFR-462x270.jpg 462w, https:\/\/queerchamber.ca\/fr\/wp-content\/uploads\/sites\/7\/2025\/10\/FEP_logoFR-768x449.jpg 768w, https:\/\/queerchamber.ca\/fr\/wp-content\/uploads\/sites\/7\/2025\/10\/FEP_logoFR.jpg 1000w\" sizes=\"auto, (max-width: 960px) 100vw, 960px\" \/>                                        <\/figure>\r\n                                    <\/div>\r\n\r\n                                                                            <div class=\"programs-block__link\">\r\n                                            <div class=\"wp-block-button\">\r\n                                                <a href=\"https:\/\/queerchamber.ca\/fr\/2slgbtqi-entrepreneurship-program\/\"\r\n                                                   class=\"wp-block-button__link wp-element-button\"\r\n                                                   aria-label=\"Learn more about Entrepreneuriat\">\r\n                                                    Learn About This Program\r\n                                                <\/a>\r\n                                            <\/div>\r\n                                        <\/div>\r\n                                                                    <\/div>\r\n                                                    <\/div>\r\n                    <\/div>\r\n                                    <div\r\n                        class=\"programs-block__panel \"\r\n                        id=\"program-panel-8\"\r\n                        role=\"tabpanel\"\r\n                        aria-labelledby=\"program-tab-8\"\r\n                        hidden>\r\n\r\n                        <div class=\"programs-block__panel-content\">\r\n                            <div class=\"programs-block__text\">\r\n                                <div class=\"programs-block__description\">\r\n                                    <p data-start=\"99\" data-end=\"381\">La CCQC, en partenariat avec Tourism HR Canada, a con\u00e7u plusieurs outils de formation et ressources \u00e9ducatives pour accompagner les destinations dans la mise en place de pratiques significatives, garantissant aux personnes 2ELGBTQI+ en d\u00e9placement une exp\u00e9rience inclusive et positive.<\/p>\n<p data-start=\"383\" data-end=\"400\">Points cl\u00e9s :<\/p>\n<ul data-start=\"401\" data-end=\"575\">\n<li data-start=\"401\" data-end=\"474\">\n<p data-start=\"403\" data-end=\"474\">Ateliers sur la diversit\u00e9 et l\u2019inclusion dans l\u2019industrie touristique<\/p>\n<\/li>\n<li data-start=\"475\" data-end=\"575\">\n<p data-start=\"477\" data-end=\"575\">S\u00e9minaires \u00ab\u202fpr\u00eats pour le march\u00e9\u202f\u00bb, audits de destination et outils pour le secteur touristique<\/p>\n<\/li>\n<\/ul>\n<p>&nbsp;<\/p>\n                                <\/div>\r\n                            <\/div>\r\n\r\n                                                            <div class=\"programs-block__image\">\r\n                                    <div class=\"programs-block__image-wrapper\">\r\n                                        <figure class=\"is-style-line-overlay-red-left\">\r\n                                        <img decoding=\"async\" width=\"960\" height=\"562\" src=\"https:\/\/queerchamber.ca\/fr\/wp-content\/uploads\/sites\/7\/2025\/10\/Tourisme_logo_FR-960x562.jpg\" class=\"attachment-large size-large\" alt=\"Tourisme\" loading=\"lazy\" srcset=\"https:\/\/queerchamber.ca\/fr\/wp-content\/uploads\/sites\/7\/2025\/10\/Tourisme_logo_FR-960x562.jpg 960w, https:\/\/queerchamber.ca\/fr\/wp-content\/uploads\/sites\/7\/2025\/10\/Tourisme_logo_FR-462x270.jpg 462w, https:\/\/queerchamber.ca\/fr\/wp-content\/uploads\/sites\/7\/2025\/10\/Tourisme_logo_FR-768x449.jpg 768w, https:\/\/queerchamber.ca\/fr\/wp-content\/uploads\/sites\/7\/2025\/10\/Tourisme_logo_FR.jpg 1000w\" sizes=\"auto, (max-width: 960px) 100vw, 960px\" \/>                                        <\/figure>\r\n                                    <\/div>\r\n\r\n                                                                            <div class=\"programs-block__link\">\r\n                                            <div class=\"wp-block-button\">\r\n                                                <a href=\"https:\/\/queerchamber.ca\/fr\/tourisme\/\"\r\n                                                   class=\"wp-block-button__link wp-element-button\"\r\n                                                   aria-label=\"Learn more about Tourisme\">\r\n                                                    Learn About This Program\r\n                                                <\/a>\r\n                                            <\/div>\r\n                                        <\/div>\r\n                                                                    <\/div>\r\n                                                    <\/div>\r\n                    <\/div>\r\n                            <\/div>\r\n        <\/div>\r\n    <\/div>\r\n<\/section><\/div>\n\n\n\n<div class=\"wp-block-group has-purple-background-color has-background has-global-padding is-layout-constrained wp-block-group-is-layout-constrained\" style=\"margin-top:0;margin-bottom:0;padding-top:var(--wp--preset--spacing--xx-large);padding-bottom:var(--wp--preset--spacing--xx-large)\">\n<h2 class=\"wp-block-heading has-text-align-center has-xx-large-font-size\">nos \u00c9V\u00c9NEMENTS \u00c0 VENIR<\/h2>\n\n\n<\/div>\n\n\n\n<div class=\"wp-block-group partner-logos-group has-global-padding is-layout-constrained wp-block-group-is-layout-constrained\" style=\"padding-top:var(--wp--preset--spacing--x-large);padding-bottom:var(--wp--preset--spacing--x-large)\">\n<div class=\"wp-block-columns is-layout-flex wp-container-core-columns-is-layout-28f84493 wp-block-columns-is-layout-flex\">\n<div class=\"wp-block-column is-layout-flow wp-block-column-is-layout-flow\" style=\"flex-basis:33.33%\">\n<p class=\"has-text-align-center has-pp-right-grotesk-font-family\" style=\"font-size:clamp(5.802rem, 5.802rem + ((1vw - 0.2rem) * 11.711), 14rem);line-height:1\"><strong>135+<\/strong><\/p>\n\n\n\n<p class=\"has-text-align-center has-pp-right-grotesk-font-family has-medium-font-size\" style=\"text-transform:uppercase\"><strong>Partners<\/strong><\/p>\n<\/div>\n\n\n\n<div class=\"wp-block-column is-layout-flow wp-block-column-is-layout-flow\">\n<h2 class=\"wp-block-heading has-x-large-font-size\">STRENGTH IN NUMBERS<\/h2>\n\n\n\n<p>Our growing network of leading organizations are revolutionizing the way they do business to maximize social and economic change.<\/p>\n\n\n\n<div class=\"wp-block-buttons is-content-justification-left is-layout-flex wp-container-core-buttons-is-layout-fc4fd283 wp-block-buttons-is-layout-flex\">\n<div class=\"wp-block-button is-style-fill\"><a class=\"wp-block-button__link has-primary-background-color has-background has-border-color has-primary-border-color wp-element-button\" href=\"https:\/\/queerchamber.ca\/fr\/partenaires\/\">See Our Partner Network<\/a><\/div>\n<\/div>\n<\/div>\n<\/div>\n\n\n\n<div class=\"wp-block-columns partner-logos-column is-layout-flex wp-container-core-columns-is-layout-ef7f5efa wp-block-columns-is-layout-flex\" style=\"padding-top:var(--wp--preset--spacing--small);padding-right:var(--wp--preset--spacing--large);padding-bottom:var(--wp--preset--spacing--small);padding-left:var(--wp--preset--spacing--large)\">\n<div class=\"wp-block-column is-vertically-aligned-center is-layout-flow wp-block-column-is-layout-flow\">\n<figure class=\"wp-block-image aligncenter size-full\"><img decoding=\"async\" src=\"https:\/\/queerchamber.ca\/wp-content\/uploads\/sites\/2\/2024\/02\/Google.webp\" alt=\"Google logo\" class=\"wp-image-16995\" \/><\/figure>\n<\/div>\n\n\n\n<div class=\"wp-block-column is-vertically-aligned-center is-layout-flow wp-block-column-is-layout-flow\">\n<figure class=\"wp-block-image aligncenter size-full\"><img decoding=\"async\" src=\"https:\/\/queerchamber.ca\/wp-content\/uploads\/sites\/2\/2024\/02\/Johnson-Johnson-scaled.webp\" alt=\"Johnson &amp; Johnson logo\" class=\"wp-image-17008\" \/><\/figure>\n<\/div>\n\n\n\n<div class=\"wp-block-column is-vertically-aligned-center is-layout-flow wp-block-column-is-layout-flow\">\n<figure class=\"wp-block-image aligncenter size-full\"><img decoding=\"async\" src=\"https:\/\/queerchamber.ca\/wp-content\/uploads\/sites\/2\/2024\/07\/Friend-amazon_logo_RGB.png\" alt=\"\" class=\"wp-image-55571\" \/><\/figure>\n<\/div>\n\n\n\n<div class=\"wp-block-column is-vertically-aligned-center is-layout-flow wp-block-column-is-layout-flow\">\n<figure class=\"wp-block-image aligncenter size-full\"><img decoding=\"async\" src=\"https:\/\/queerchamber.ca\/wp-content\/uploads\/sites\/2\/2024\/02\/1280px-Air_Canada_Logo.svg.webp\" alt=\"\" class=\"wp-image-16451\" \/><\/figure>\n<\/div>\n\n\n\n<div class=\"wp-block-column is-vertically-aligned-center is-layout-flow wp-block-column-is-layout-flow\">\n<figure class=\"wp-block-image aligncenter size-full\"><img decoding=\"async\" src=\"https:\/\/queerchamber.ca\/wp-content\/uploads\/sites\/2\/2024\/05\/CIBC-edited.webp\" alt=\"CIBC logo\" class=\"wp-image-46401\" \/><\/figure>\n<\/div>\n<\/div>\n<\/div>\n","protected":false},"excerpt":{"rendered":"<p>Welcome to the \u2028canadian queer\u2028Chamber of Commerce(CQCC, formerly CCQC) Join us in diversifying Canadian business, one connection at a time. Find the membership that\u2019s right for you, whether you\u2019re a: Uniting and advocating for over 100,000 2SLGBTQI+ owned and operated businesses in Canada. STAY IN THE KNOW Subscribe to receive the latest news and updates about the CQCC. Become a member TODAY Membership is open to anyone who wants to grow their network in the 2SLGBTQI+ business community. ACCESS Gain access to exclusive thought leadership content, webinars and resources. CONNECT Attend networking events to connect with 2SLGBTQI+ professionals, businesses and [&hellip;]<\/p>\n","protected":false},"author":1,"featured_media":0,"parent":0,"menu_order":0,"comment_status":"closed","ping_status":"closed","template":"","meta":{"_acf_changed":false,"_tec_requires_first_save":true,"_trash_the_other_posts":false,"advanced_seo_description":"We empower & connect 100,000+ businesses, fostering diversity & growth in the 2SLGBTQI+ community. Explore membership opportunities, programs, & resources","jetpack_seo_html_title":"Home | Canada's 2SLGBTQI+ Chamber of Commerce | CCQC","jetpack_seo_noindex":false,"_EventAllDay":false,"_EventTimezone":"","_EventStartDate":"","_EventEndDate":"","_EventStartDateUTC":"","_EventEndDateUTC":"","_EventShowMap":false,"_EventShowMapLink":false,"_EventURL":"","_EventCost":"","_EventCostDescription":"","_EventCurrencySymbol":"","_EventCurrencyCode":"","_EventCurrencyPosition":"","_EventDateTimeSeparator":"","_EventTimeRangeSeparator":"","_EventOrganizerID":[],"_EventVenueID":[],"_OrganizerEmail":"","_OrganizerPhone":"","_OrganizerWebsite":"","_VenueAddress":"","_VenueCity":"","_VenueCountry":"","_VenueProvince":"","_VenueState":"","_VenueZip":"","_VenuePhone":"","_VenueURL":"","_VenueStateProvince":"","_VenueLat":"","_VenueLng":"","_VenueShowMap":false,"_VenueShowMapLink":false,"_price":"","_stock":"","_tribe_ticket_header":"","_tribe_default_ticket_provider":"","_tribe_ticket_capacity":"","_ticket_start_date":"","_ticket_end_date":"","_tribe_ticket_show_description":"","_tribe_ticket_show_not_going":false,"_tribe_ticket_use_global_stock":"","_tribe_ticket_global_stock_level":"","_global_stock_mode":"","_global_stock_cap":"","_tribe_rsvp_for_event":"","_tribe_ticket_going_count":"","_tribe_ticket_not_going_count":"","_tribe_tickets_list":"[]","_tribe_ticket_has_attendee_info_fields":false,"_tribe_blocks_recurrence_rules":"","_tribe_blocks_recurrence_description":"","_tribe_blocks_recurrence_exclusions":"","editor_notices":[],"footnotes":"","_tec_slr_enabled":"","_tec_slr_layout":""},"class_list":["post-59681","page","type-page","status-publish","hentry"],"acf":[],"jetpack_sharing_enabled":true,"ticketed":false,"_links":{"self":[{"href":"https:\/\/queerchamber.ca\/fr\/wp-json\/wp\/v2\/pages\/59681","targetHints":{"allow":["GET"]}}],"collection":[{"href":"https:\/\/queerchamber.ca\/fr\/wp-json\/wp\/v2\/pages"}],"about":[{"href":"https:\/\/queerchamber.ca\/fr\/wp-json\/wp\/v2\/types\/page"}],"author":[{"embeddable":true,"href":"https:\/\/queerchamber.ca\/fr\/wp-json\/wp\/v2\/users\/1"}],"replies":[{"embeddable":true,"href":"https:\/\/queerchamber.ca\/fr\/wp-json\/wp\/v2\/comments?post=59681"}],"version-history":[{"count":18,"href":"https:\/\/queerchamber.ca\/fr\/wp-json\/wp\/v2\/pages\/59681\/revisions"}],"predecessor-version":[{"id":127169,"href":"https:\/\/queerchamber.ca\/fr\/wp-json\/wp\/v2\/pages\/59681\/revisions\/127169"}],"wp:attachment":[{"href":"https:\/\/queerchamber.ca\/fr\/wp-json\/wp\/v2\/media?parent=59681"}],"curies":[{"name":"wp","href":"https:\/\/api.w.org\/{rel}","templated":true}]}}