{"id":127469,"date":"2026-08-28T13:19:26","date_gmt":"2026-08-28T17:19:26","guid":{"rendered":"https:\/\/queerchamber.ca\/fr\/?post_type=tribe_events&#038;p=127469"},"modified":"2026-08-28T13:31:31","modified_gmt":"2026-08-28T17:31:31","slug":"bootcamp-pi-entrepreneures-2elgbtqi-2026","status":"publish","type":"tribe_events","link":"https:\/\/queerchamber.ca\/fr\/event\/bootcamp-pi-entrepreneures-2elgbtqi-2026\/","title":{"rendered":"Bootcamp sur la propri\u00e9t\u00e9 intellectuelle (PI) pour personnes entrepreneures 2ELBGTQI+ \u2013 2026"},"content":{"rendered":"<div  class=\"tribe-events-schedule tribe-clearfix\" >\n\t<p class=\"tribe-events-schedule__datetime\">\n\t\t<span class=\"tribe-events-schedule__date tribe-events-schedule__date--start\">\n\t\t\tSeptember 16\t\t<\/span>\n\n\t\t\t\t\t<span class=\"tribe-events-schedule__separator tribe-events-schedule__separator--date\">\n\t\t\t\t @ \t\t\t<\/span>\n\t\t\t<span class=\"tribe-events-schedule__time tribe-events-schedule__time--start\">\n\t\t\t\t12:00 pm\t\t\t<\/span>\n\t\t\n\t\t\t\t\t\t\t\t\t<span class=\"tribe-events-schedule__separator tribe-events-schedule__separator--time\">\n\t\t\t\t\t &#8211; \t\t\t\t<\/span>\n\t\t\t\n\t\t\t\t\t\t\t<span class=\"tribe-events-schedule__date tribe-events-schedule__date--end\">\n\t\t\t\t\tSeptember 18\t\t\t\t<\/span>\n\n\t\t\t\t\t\t\t\t\t<span class=\"tribe-events-schedule__separator tribe-events-schedule__separator--date\">\n\t\t\t\t\t\t @ \t\t\t\t\t<\/span>\n\t\t\t\t\t<span class=\"tribe-events-schedule__time tribe-events-schedule__time--end\">\n\t\t\t\t\t\t3:00 pm\t\t\t\t\t<\/span>\n\t\t\t\t\n\t\t\t\n\t\t\t\t\t\t<\/p>\n<\/div>\n\n\n\n<p class=\"has-normal-font-size wp-block-paragraph\"><strong>La Chambre de commerce queer du Canada est \u00e0 la recherche de personnes participantes : Bootcamp sur la propri\u00e9t\u00e9 intellectuelle (PI) pour personnes entrepreneures 2ELBGTQI+ \u2013 2026<\/strong><\/p>\n\n\n\n<p class=\"has-normal-font-size wp-block-paragraph\">\u00cates-vous une personne entrepreneure 2ELGBTQI+ souhaitant propulser votre entreprise en prot\u00e9geant votre propri\u00e9t\u00e9 intellectuelle (PI) ? L\u2019Office de la propri\u00e9t\u00e9 intellectuelle du Canada (OPIC), en collaboration avec la Chambre de commerce queer du Canada (CCQC) est ravie d\u2019offrir un Bootcamp virtuel sur la propri\u00e9t\u00e9 intellectuelle. Ce programme gratuit, con\u00e7u sp\u00e9cialement pour les entrepreneurs 2ELGBTQI+, vous permettra d\u2019acqu\u00e9rir des outils pratiques, des connaissances approfondies et une exp\u00e9rience concr\u00e8te pour prot\u00e9ger vos innovations et faire progresser votre entreprise. <\/p>\n\n\n\n<h3 class=\"wp-block-heading\">Pourquoi participer?<\/h3>\n\n\n\n<p class=\"has-normal-font-size wp-block-paragraph\">Ce bootcamp interactif de cinq sessions vous permettra de :<\/p>\n\n\n\n<ul class=\"wp-block-list\">\n<li class=\"has-normal-font-size\">D\u00e9velopper une strat\u00e9gie PI solide et adapt\u00e9e aux besoins de votre entreprise.<\/li>\n\n\n\n<li class=\"has-normal-font-size\">D\u00e9couvrir les possibilit\u00e9s de financement existantes li\u00e9es \u00e0 la PI, et ce, \u00e0 diff\u00e9rents stades de d\u00e9veloppement de votre entreprise.<\/li>\n\n\n\n<li class=\"has-normal-font-size\">Apprendre comment soumettre correctement une demande de financement pour tout droit de PI, afin d\u2019en tirer profit et faire cro\u00eetre votre entreprise.<\/li>\n\n\n\n<li class=\"has-normal-font-size\">Comprendre l\u2019importance de la protection de la PI \u00e0 mesure que votre entreprise se d\u00e9veloppe.<\/li>\n<\/ul>\n\n\n\n<h3 class=\"wp-block-heading\">Public cible et crit\u00e8res de s\u00e9lection<\/h3>\n\n\n\n<p class=\"has-normal-font-size wp-block-paragraph\">Ce programme s\u2019adresse aux personnes entrepreneures qui :<\/p>\n\n\n\n<ul class=\"wp-block-list\">\n<li class=\"has-normal-font-size\">En sont \u00e0 l\u2019\u00e9tape de d\u00e9veloppement de leur strat\u00e9gie de PI.<\/li>\n\n\n\n<li class=\"has-normal-font-size\">Ont une compr\u00e9hension de base de la PI.<\/li>\n\n\n\n<li class=\"has-normal-font-size\">Souhaitent approfondir leurs connaissances en PI et les appliquer pour assurer la croissance de leur entreprise.<\/li>\n<\/ul>\n\n\n\n<h3 class=\"wp-block-heading\">Format du programme<\/h3>\n\n\n\n<ul class=\"wp-block-list\">\n<li class=\"has-normal-font-size\">Le programme se d\u00e9roulera du 16 au 18 septembre, 2026 de 12h \u00e0 14h45 HE &#8211; en fran\u00e7ais. Pour les dates anglaises, <a href=\"https:\/\/queerchamber.ca\/event\/ip-bootcamp-2slgbtqi-entrepreneurs-2026\/\">cliquez ici.<\/a><\/li>\n\n\n\n<li class=\"has-normal-font-size\">Le bootcamp sera offert virtuellement (via Microsoft Teams), et la repr\u00e9sentation g\u00e9ographique des diff\u00e9rentes r\u00e9gions du Canada sera prise en compte dans les crit\u00e8res de s\u00e9lection.<\/li>\n\n\n\n<li class=\"has-normal-font-size\"><strong>Pr\u00e9paration :<\/strong> Les participantes devront au pr\u00e9alable rencontrer un conseiller en PI de l\u2019OPIC et visionner la vid\u00e9o en ligne de l\u2019OPIC sur les six \u00e9tapes de d\u00e9veloppement d\u2019une strat\u00e9gie de PI.<\/li>\n<\/ul>\n\n\n\n<h3 class=\"wp-block-heading\">Comment soumettre sa candidature?<\/h3>\n\n\n\n<p class=\"has-normal-font-size wp-block-paragraph\">La CCQC s\u00e9lectionnera une liste de 15 \u00e0 20 personnes entrepreneures r\u00e9pondant aux crit\u00e8res cibl\u00e9s. L\u2019OPIC choisira ensuite les 5 \u00e0 10 personnes participantes finaux en fonction de leur compatibilit\u00e9 avec le programme.<\/p>\n\n\n\n<p class=\"has-normal-font-size wp-block-paragraph\">Pour soumettre votre candidature, compl\u00e9t\u00e9 le formulaire suivant. Nous avons le plaisir de vous aider \u00e0 approfondir vos connaissances en PI et \u00e0 faire progresser votre aventure entrepreneuriale.<\/p>\n\n\n\n<div class=\"wp-block-buttons is-layout-flex wp-block-buttons-is-layout-flex\">\n<div class=\"wp-block-button\"><a class=\"wp-block-button__link has-white-color has-text-color has-link-color wp-element-button\" href=\"https:\/\/forms.cloud.microsoft\/pages\/responsepage.aspx?id=L8Yqt9UG1UyCTu6SMZpGdt-1-LGjualFi9kF0SG7J4pURjFONlNTRVZSSzYyR1BZVzNYQ1RUUTBFNiQlQCN0PWcu&amp;route=shorturl\"><strong>Postulez ici<\/strong><\/a><\/div>\n<\/div>\n\n\n\n<p class=\"wp-block-paragraph\"><\/p>\n\n\n\n<h3 class=\"wp-block-heading\">Pourquoi ne pas manquer cette occasion?<\/h3>\n\n\n\n<ul class=\"wp-block-list\">\n<li class=\"has-normal-font-size\">Obtenez des connaissance et outils pratiques en PI pour prot\u00e9ger vos innovations.<\/li>\n\n\n\n<li class=\"has-normal-font-size\">Acc\u00e9dez \u00e0 des conseils pr\u00e9cieux provenant d\u2019experts en PI.<\/li>\n\n\n\n<li class=\"has-normal-font-size\">Assurez la croissance de votre entreprise gr\u00e2ce \u00e0 une compr\u00e9hension strat\u00e9gique de la PI.<\/li>\n<\/ul>\n\n\n\n<p class=\"has-normal-font-size wp-block-paragraph\"><strong>Les places sont limit\u00e9es! <\/strong>Ne manquez pas cette occasion unique d\u2019investir dans l\u2019avenir de votre entreprise.<\/p>\n\n\n<div  class=\"tribe-block tribe-block__event-price\" >\n\t\t<\/div>\n\n\n\n\n<div  class=\"tribe-block tribe-block__venue tribe-clearfix\" >\n\t\n\t\t\n\t<\/div>\n\n\n\n\n\t<div  class=\"tribe-block tribe-block__events-link\" >\n\t\t<div class=\"tribe-events tribe-common\">\n\t\t\t<div class=\"tribe-events-c-subscribe-dropdown__container\">\n\t\t\t\t<div class=\"tribe-events-c-subscribe-dropdown\">\n\t\t\t\t\t<div class=\"tribe-common-c-btn-border tribe-events-c-subscribe-dropdown__button\">\n\t\t\t\t\t\t<svg\n\t class=\"tribe-common-c-svgicon tribe-common-c-svgicon--cal-export tribe-events-c-subscribe-dropdown__export-icon\" \taria-hidden=\"true\"\n\tviewBox=\"0 0 23 17\"\n\txmlns=\"http:\/\/www.w3.org\/2000\/svg\"\n>\n\t<path fill-rule=\"evenodd\" clip-rule=\"evenodd\" d=\"M.128.896V16.13c0 .211.145.383.323.383h15.354c.179 0 .323-.172.323-.383V.896c0-.212-.144-.383-.323-.383H.451C.273.513.128.684.128.896Zm16 6.742h-.901V4.679H1.009v10.729h14.218v-3.336h.901V7.638ZM1.01 1.614h14.218v2.058H1.009V1.614Z\" \/>\n\t<path d=\"M20.5 9.846H8.312M18.524 6.953l2.89 2.909-2.855 2.855\" stroke-width=\"1.2\" stroke-linecap=\"round\" stroke-linejoin=\"round\"\/>\n<\/svg>\n\t\t\t\t\t\t<button\n\t\t\t\t\t\t\tclass=\"tribe-events-c-subscribe-dropdown__button-text\"\n\t\t\t\t\t\t\taria-expanded=\"false\"\n\t\t\t\t\t\t\taria-controls=\"tribe-events-subscribe-dropdown-content\"\n\t\t\t\t\t\t\taria-label=\"View links to add events to your calendar\"\n\t\t\t\t\t\t>\n\t\t\t\t\t\t\tAdd to calendar\t\t\t\t\t\t<\/button>\n\t\t\t\t\t\t<svg\n\t class=\"tribe-common-c-svgicon tribe-common-c-svgicon--caret-down tribe-events-c-subscribe-dropdown__button-icon\" \taria-hidden=\"true\"\n\tviewBox=\"0 0 10 7\"\n\txmlns=\"http:\/\/www.w3.org\/2000\/svg\"\n>\n\t<path fill-rule=\"evenodd\" clip-rule=\"evenodd\" d=\"M1.008.609L5 4.6 8.992.61l.958.958L5 6.517.05 1.566l.958-.958z\" class=\"tribe-common-c-svgicon__svg-fill\"\/>\n<\/svg>\n\t\t\t\t\t<\/div>\n\t\t\t\t\t<div id=\"tribe-events-subscribe-dropdown-content\" class=\"tribe-events-c-subscribe-dropdown__content\">\n\t\t\t\t\t\t<ul class=\"tribe-events-c-subscribe-dropdown__list\">\n\t\t\t\t\t\t\t\t\t\t\t\t\t\t\t<li class=\"tribe-events-c-subscribe-dropdown__list-item tribe-events-c-subscribe-dropdown__list-item--gcal\">\n\t\t\t\t\t\t\t\t\t<a\n\t\t\t\t\t\t\t\t\t\thref=\"https:\/\/www.google.com\/calendar\/event?action=TEMPLATE&#038;dates=20260916T120000\/20260918T150000&#038;text=Bootcamp%20sur%20la%20propri%C3%A9t%C3%A9%20intellectuelle%20%28PI%29%20pour%20personnes%20entrepreneures%202ELBGTQI%2B%20%E2%80%93%202026&#038;details=%3Cp+class%3D%22has-normal-font-size%22%3E%3Cstrong%3ELa+Chambre+de+commerce+queer+du+Canada+est+%C3%A0+la+recherche+de+personnes+participantes+%3A+Bootcamp+sur+la+propri%C3%A9t%C3%A9+intellectuelle+%28PI%29+pour+personnes+entrepreneures+2ELBGTQI%2B+%E2%80%93+2026%3C%2Fstrong%3E%3C%2Fp%3E+%3Cp+class%3D%22has-normal-font-size%22%3E%C3%8Ates-vous+une+personne+entrepreneure+2ELGBTQI%2B+souhaitant+propulser+votre+entreprise+en+prot%C3%A9geant+votre+propri%C3%A9t%C3%A9+intellectuelle+%28PI%29+%3F+L%E2%80%99Office+de+la+propri%C3%A9t%C3%A9+intellectuelle+du+Canada+%28OPIC%29%2C+en+collaboration+avec+la+Chambre+de+commerce+queer+du+Canada+%28CCQC%29+est+ravie+d%E2%80%99offrir+un+Bootcamp+virtuel+sur+la+propri%C3%A9t%C3%A9+intellectuelle.+Ce+programme+gratuit%2C+con%C3%A7u+sp%C3%A9cialement+pour+les+entrepreneurs+2ELGBTQI%2B%2C+vous+permettra+d%E2%80%99acqu%C3%A9rir+des+outils+pratiques%2C+des+connaissances+approfondies+et+une+exp%C3%A9rience+concr%C3%A8te+pour+prot%C3%A9ger+vos+innovations+et+faire+progresser+votre+entreprise.+%3C%2Fp%3E+%3Ch3+class%3D%22wp-block-heading%22%3EPourquoi+participer%3F%3C%2Fh3%3E%3Cp+class%3D%22has-normal-font-size%22%3ECe+bootcamp+inte%3C%2Fp%3E+%28View+Full+event+Description+Here%3A+https%3A%2F%2Fqueerchamber.ca%2Ffr%2Fevent%2Fbootcamp-pi-entrepreneures-2elgbtqi-2026%2F%29&#038;trp=false&#038;ctz=America\/Toronto&#038;sprop=website:https:\/\/queerchamber.ca\/fr\"\n\t\t\t\t\t\t\t\t\t\tclass=\"tribe-events-c-subscribe-dropdown__list-item-link\"\n\t\t\t\t\t\t\t\t\t\ttarget=\"_blank\"\n\t\t\t\t\t\t\t\t\t\trel=\"noopener noreferrer nofollow noindex\"\n\t\t\t\t\t\t\t\t\t>\n\t\t\t\t\t\t\t\t\t\tGoogle Calendar\t\t\t\t\t\t\t\t\t<\/a>\n\t\t\t\t\t\t\t\t<\/li>\n\t\t\t\t\t\t\t\t\t\t\t\t\t\t\t<li class=\"tribe-events-c-subscribe-dropdown__list-item tribe-events-c-subscribe-dropdown__list-item--ical\">\n\t\t\t\t\t\t\t\t\t<a\n\t\t\t\t\t\t\t\t\t\thref=\"\"\n\t\t\t\t\t\t\t\t\t\tclass=\"tribe-events-c-subscribe-dropdown__list-item-link\"\n\t\t\t\t\t\t\t\t\t\ttarget=\"_blank\"\n\t\t\t\t\t\t\t\t\t\trel=\"noopener noreferrer nofollow noindex\"\n\t\t\t\t\t\t\t\t\t>\n\t\t\t\t\t\t\t\t\t\tiCalendar\t\t\t\t\t\t\t\t\t<\/a>\n\t\t\t\t\t\t\t\t<\/li>\n\t\t\t\t\t\t\t\t\t\t\t\t\t\t\t<li class=\"tribe-events-c-subscribe-dropdown__list-item tribe-events-c-subscribe-dropdown__list-item--outlook-365\">\n\t\t\t\t\t\t\t\t\t<a\n\t\t\t\t\t\t\t\t\t\thref=\"\"\n\t\t\t\t\t\t\t\t\t\tclass=\"tribe-events-c-subscribe-dropdown__list-item-link\"\n\t\t\t\t\t\t\t\t\t\ttarget=\"_blank\"\n\t\t\t\t\t\t\t\t\t\trel=\"noopener noreferrer nofollow noindex\"\n\t\t\t\t\t\t\t\t\t>\n\t\t\t\t\t\t\t\t\t\tOutlook 365\t\t\t\t\t\t\t\t\t<\/a>\n\t\t\t\t\t\t\t\t<\/li>\n\t\t\t\t\t\t\t\t\t\t\t\t\t\t\t<li class=\"tribe-events-c-subscribe-dropdown__list-item tribe-events-c-subscribe-dropdown__list-item--outlook-live\">\n\t\t\t\t\t\t\t\t\t<a\n\t\t\t\t\t\t\t\t\t\thref=\"\"\n\t\t\t\t\t\t\t\t\t\tclass=\"tribe-events-c-subscribe-dropdown__list-item-link\"\n\t\t\t\t\t\t\t\t\t\ttarget=\"_blank\"\n\t\t\t\t\t\t\t\t\t\trel=\"noopener noreferrer nofollow noindex\"\n\t\t\t\t\t\t\t\t\t>\n\t\t\t\t\t\t\t\t\t\tOutlook Live\t\t\t\t\t\t\t\t\t<\/a>\n\t\t\t\t\t\t\t\t<\/li>\n\t\t\t\t\t\t\t\t\t\t\t\t\t<\/ul>\n\t\t\t\t\t<\/div>\n\t\t\t\t<\/div>\n\t\t\t<\/div>\n\t\t<\/div>\n\t<\/div>\n\n\n\n\n\n\n\n","protected":false},"excerpt":{"rendered":"<p>La Chambre de commerce queer du Canada est \u00e0 la recherche de personnes participantes : Bootcamp sur la propri\u00e9t\u00e9 intellectuelle (PI) pour personnes entrepreneures 2ELBGTQI+ \u2013 2026. Postulez d\u00e8s maintenant!<\/p>\n","protected":false},"author":4024,"featured_media":127475,"template":"","meta":{"_acf_changed":false,"_tec_requires_first_save":false,"_trash_the_other_posts":false,"advanced_seo_description":"","jetpack_seo_html_title":"","jetpack_seo_noindex":false,"jetpack_seo_schema_type":"","_EventAllDay":false,"_EventTimezone":"America\/Toronto","_EventStartDate":"2026-09-16 12:00:00","_EventEndDate":"2026-09-18 15:00:00","_EventStartDateUTC":"2026-09-16 16:00:00","_EventEndDateUTC":"2026-09-18 19:00:00","_EventShowMap":false,"_EventShowMapLink":false,"_EventURL":"","_EventCost":"","_EventCostDescription":"","_EventCurrencySymbol":"$","_EventCurrencyCode":"CAD","_EventCurrencyPosition":"prefix","_EventDateTimeSeparator":" @ ","_EventTimeRangeSeparator":" - ","_EventOrganizerID":[],"_EventVenueID":[],"_OrganizerEmail":"","_OrganizerPhone":"","_OrganizerWebsite":"","_VenueAddress":"","_VenueCity":"","_VenueCountry":"","_VenueProvince":"","_VenueState":"","_VenueZip":"","_VenuePhone":"","_VenueURL":"","_VenueStateProvince":"","_VenueLat":"","_VenueLng":"","_VenueShowMap":false,"_VenueShowMapLink":false,"_price":"","_stock":"","_tribe_ticket_header":"","_tribe_default_ticket_provider":"","_tribe_ticket_capacity":"","_ticket_start_date":"","_ticket_end_date":"","_tribe_ticket_show_description":"","_tribe_ticket_show_not_going":false,"_tribe_ticket_use_global_stock":"","_tribe_ticket_global_stock_level":"","_global_stock_mode":"","_global_stock_cap":"","_tribe_rsvp_for_event":"","_tribe_ticket_going_count":"","_tribe_ticket_not_going_count":"","_tribe_tickets_list":"[]","_tribe_ticket_has_attendee_info_fields":false,"_tribe_blocks_recurrence_rules":"","_tribe_blocks_recurrence_description":"","_tribe_blocks_recurrence_exclusions":"","_tribe_events_status":"","_tribe_events_status_reason":"","editor_notices":[],"_tribe_events_is_hybrid":"","_tribe_events_is_virtual":"","_tribe_events_virtual_video_source":"","_tribe_events_virtual_embed_video":"","_tribe_events_virtual_linked_button_text":"","_tribe_events_virtual_linked_button":"","_tribe_events_virtual_show_embed_at":"","_tribe_events_virtual_show_embed_to":[],"_tribe_events_virtual_show_on_event":"","_tribe_events_virtual_show_on_views":"","_tribe_events_virtual_url":"","footnotes":"","_tec_slr_enabled":"","_tec_slr_layout":""},"tags":[],"tribe_events_cat":[],"class_list":["post-127469","tribe_events","type-tribe_events","status-publish","has-post-thumbnail","hentry"],"acf":[],"jetpack_sharing_enabled":true,"ticketed":false,"_links":{"self":[{"href":"https:\/\/queerchamber.ca\/fr\/wp-json\/wp\/v2\/tribe_events\/127469","targetHints":{"allow":["GET"]}}],"collection":[{"href":"https:\/\/queerchamber.ca\/fr\/wp-json\/wp\/v2\/tribe_events"}],"about":[{"href":"https:\/\/queerchamber.ca\/fr\/wp-json\/wp\/v2\/types\/tribe_events"}],"author":[{"embeddable":true,"href":"https:\/\/queerchamber.ca\/fr\/wp-json\/wp\/v2\/users\/4024"}],"version-history":[{"count":4,"href":"https:\/\/queerchamber.ca\/fr\/wp-json\/wp\/v2\/tribe_events\/127469\/revisions"}],"predecessor-version":[{"id":127478,"href":"https:\/\/queerchamber.ca\/fr\/wp-json\/wp\/v2\/tribe_events\/127469\/revisions\/127478"}],"wp:featuredmedia":[{"embeddable":true,"href":"https:\/\/queerchamber.ca\/fr\/wp-json\/wp\/v2\/media\/127475"}],"wp:attachment":[{"href":"https:\/\/queerchamber.ca\/fr\/wp-json\/wp\/v2\/media?parent=127469"}],"wp:term":[{"taxonomy":"post_tag","embeddable":true,"href":"https:\/\/queerchamber.ca\/fr\/wp-json\/wp\/v2\/tags?post=127469"},{"taxonomy":"tribe_events_cat","embeddable":true,"href":"https:\/\/queerchamber.ca\/fr\/wp-json\/wp\/v2\/tribe_events_cat?post=127469"}],"curies":[{"name":"wp","href":"https:\/\/api.w.org\/{rel}","templated":true}]}}